{"id":4339,"date":"2026-04-28T20:40:41","date_gmt":"2026-04-28T23:40:41","guid":{"rendered":"https:\/\/des-for.infd.edu.ar\/sitio\/?page_id=4339"},"modified":"2026-04-28T21:11:52","modified_gmt":"2026-04-29T00:11:52","slug":"revistas-escuelas-en-accion-ambiental","status":"publish","type":"page","link":"https:\/\/des-for.infd.edu.ar\/sitio\/revistas-escuelas-en-accion-ambiental\/","title":{"rendered":"Revistas \u00abEscuelas en Acci\u00f3n Ambiental\u00bb"},"content":{"rendered":"\n<p>Durante el a\u00f1o 2025, la Direcci\u00f3n de Educaci\u00f3n Superior de Formosa desarroll\u00f3 y sistematiz\u00f3 diversas <strong>acciones de Educaci\u00f3n Ambiental Integral (EAI)<\/strong>, en cumplimiento de la Ley Nacional N.\u00b0 27.621 y como continuidad de las l\u00edneas de trabajo iniciadas en 2023. Las propuestas se implementaron mediante talleres de formaci\u00f3n docente destinados a los niveles Inicial y Primario, con modalidad presencial y no presencial, promoviendo instancias de autoperfeccionamiento, reflexi\u00f3n pedag\u00f3gica y construcci\u00f3n colectiva de saberes.<\/p>\n\n\n\n<p>Participaron docentes de \u00e1reas especiales \u2014Educaci\u00f3n F\u00edsica, M\u00fasica, Artes Visuales, Ingl\u00e9s\u2014 junto a equipos de gesti\u00f3n y departamentos de aplicaci\u00f3n de la ENSRP y del ISFD \u201cF\u00e9lix Atilio Cabrera\u201d. Las acciones abordaron problem\u00e1ticas socioambientales desde un enfoque interdisciplinario, integrando contenidos curriculares con pr\u00e1cticas concretas vinculadas a la sostenibilidad, la econom\u00eda circular, la alimentaci\u00f3n saludable y el cuidado del entorno.<\/p>\n\n\n\n<p>Se desarrollaron <strong>experiencias institucionales significativas<\/strong>, como proyectos de reutilizaci\u00f3n de materiales, salidas did\u00e1cticas sustentables, bicicleteadas, propuestas art\u00edsticas y musicales con enfoque ambiental, y actividades participativas con familias. Adem\u00e1s, se incorporaron <strong>recursos pedag\u00f3gicos innovadores<\/strong><strong>,<\/strong> entre ellos literatura infantil con perspectiva ambiental, estrategias de gamificaci\u00f3n digital y un Padlet institucional como repositorio colaborativo.<\/p>\n\n\n\n<p>Estas acciones buscan fortalecer la <strong>conciencia ambiental ciudadana<\/strong>, promover valores, actitudes y pr\u00e1cticas responsables desde edades tempranas, y consolidaron la Educaci\u00f3n Ambiental Integral como una l\u00ednea pedag\u00f3gica en proceso de institucionalizaci\u00f3n dentro del Nivel Superior y sus escuelas asociadas.<\/p>\n\n\n\n<div class=\"wp-block-columns is-layout-flex wp-container-3\">\n<div class=\"wp-block-column is-layout-flow\"><div class=\"wp-block-image\">\n<figure class=\"aligncenter size-full is-resized\"><a href=\"https:\/\/drive.google.com\/file\/d\/1LIdwq8mV4BgcTSkwO3tGKfXoHc11UMfD\/view?usp=sharing\"><img decoding=\"async\" loading=\"lazy\" src=\"https:\/\/des-for.infd.edu.ar\/sitio\/wp-content\/uploads\/2025\/12\/image.png\" alt=\"\" class=\"wp-image-4032\" width=\"200\" height=\"51\"\/><\/a><\/figure><\/div><\/div>\n\n\n\n<div class=\"wp-block-column is-layout-flow\"><div class=\"wp-block-image\">\n<figure class=\"aligncenter size-full is-resized\"><a href=\"https:\/\/drive.google.com\/file\/d\/1mKjVXYCgx1m_R1g_RENQiBbiawHXGZbW\/view?usp=sharing\"><img decoding=\"async\" loading=\"lazy\" src=\"https:\/\/des-for.infd.edu.ar\/sitio\/wp-content\/uploads\/2025\/12\/image-1.png\" alt=\"\" class=\"wp-image-4033\" width=\"193\" height=\"49\"\/><\/a><\/figure><\/div><\/div>\n<\/div>\n\n\n\n<p>La Direcci\u00f3n De Educaci\u00f3n Superior en el \u00e1rea de educaci\u00f3n ambiental integral en el marco del proyecto EAI Primeras aproximaciones realiz\u00f3 actividades de salida de campo a las reservas de biosfera de laguna oca con estudiantes del primer ciclo de la escuela Normal Rep\u00fablica del Paraguay<\/p>\n\n\n\n<figure class=\"wp-block-embed is-type-video is-provider-youtube wp-block-embed-youtube wp-embed-aspect-16-9 wp-has-aspect-ratio\"><div class=\"wp-block-embed__wrapper\">\n<iframe loading=\"lazy\" title=\"EDUCACI\u00d3N AMBIENTAL INTEGRAL\" width=\"1200\" height=\"675\" src=\"https:\/\/www.youtube.com\/embed\/T1el5-8c9IY?feature=oembed\" frameborder=\"0\" allow=\"accelerometer; autoplay; clipboard-write; encrypted-media; gyroscope; picture-in-picture; web-share\" referrerpolicy=\"strict-origin-when-cross-origin\" allowfullscreen><\/iframe>\n<\/div><\/figure>\n","protected":false},"excerpt":{"rendered":"<p>Durante el a\u00f1o 2025, la Direcci\u00f3n de Educaci\u00f3n Superior de Formosa desarroll\u00f3 y sistematiz\u00f3 diversas acciones de Educaci\u00f3n Ambiental Integral (EAI), en cumplimiento de la Ley Nacional N.\u00b0 27.621 y como continuidad de las l\u00edneas de trabajo iniciadas en 2023. Las propuestas se implementaron mediante talleres de formaci\u00f3n docente destinados a los niveles Inicial y &#8230; <a title=\"Revistas \u00abEscuelas en Acci\u00f3n Ambiental\u00bb\" class=\"read-more\" href=\"https:\/\/des-for.infd.edu.ar\/sitio\/revistas-escuelas-en-accion-ambiental\/\" aria-label=\"More on Revistas \u00abEscuelas en Acci\u00f3n Ambiental\u00bb\">[+]<\/a><\/p>\n","protected":false},"author":298,"featured_media":0,"parent":0,"menu_order":0,"comment_status":"closed","ping_status":"closed","template":"","meta":[],"acf":[],"_links":{"self":[{"href":"https:\/\/des-for.infd.edu.ar\/sitio\/wp-json\/wp\/v2\/pages\/4339"}],"collection":[{"href":"https:\/\/des-for.infd.edu.ar\/sitio\/wp-json\/wp\/v2\/pages"}],"about":[{"href":"https:\/\/des-for.infd.edu.ar\/sitio\/wp-json\/wp\/v2\/types\/page"}],"author":[{"embeddable":true,"href":"https:\/\/des-for.infd.edu.ar\/sitio\/wp-json\/wp\/v2\/users\/298"}],"replies":[{"embeddable":true,"href":"https:\/\/des-for.infd.edu.ar\/sitio\/wp-json\/wp\/v2\/comments?post=4339"}],"version-history":[{"count":3,"href":"https:\/\/des-for.infd.edu.ar\/sitio\/wp-json\/wp\/v2\/pages\/4339\/revisions"}],"predecessor-version":[{"id":4359,"href":"https:\/\/des-for.infd.edu.ar\/sitio\/wp-json\/wp\/v2\/pages\/4339\/revisions\/4359"}],"wp:attachment":[{"href":"https:\/\/des-for.infd.edu.ar\/sitio\/wp-json\/wp\/v2\/media?parent=4339"}],"curies":[{"name":"wp","href":"https:\/\/api.w.org\/{rel}","templated":true}]}}