{"id":4227,"date":"2026-04-27T18:43:50","date_gmt":"2026-04-27T21:43:50","guid":{"rendered":"https:\/\/des-for.infd.edu.ar\/sitio\/?page_id=4227"},"modified":"2026-04-27T19:48:50","modified_gmt":"2026-04-27T22:48:50","slug":"quienes-somos","status":"publish","type":"page","link":"https:\/\/des-for.infd.edu.ar\/sitio\/quienes-somos\/","title":{"rendered":"Qui\u00e9nes somos"},"content":{"rendered":"\n<figure class=\"wp-block-image size-large is-resized\"><img decoding=\"async\" loading=\"lazy\" src=\"https:\/\/des-for.infd.edu.ar\/sitio\/wp-content\/uploads\/2026\/04\/Imagen3-1-1900x1042.jpg\" alt=\"\" class=\"wp-image-4248\" width=\"1020\" height=\"559\" srcset=\"https:\/\/des-for.infd.edu.ar\/sitio\/wp-content\/uploads\/2026\/04\/Imagen3-1-1900x1042.jpg 1900w, https:\/\/des-for.infd.edu.ar\/sitio\/wp-content\/uploads\/2026\/04\/Imagen3-1-1000x549.jpg 1000w, https:\/\/des-for.infd.edu.ar\/sitio\/wp-content\/uploads\/2026\/04\/Imagen3-1-768x421.jpg 768w, https:\/\/des-for.infd.edu.ar\/sitio\/wp-content\/uploads\/2026\/04\/Imagen3-1-1536x843.jpg 1536w, https:\/\/des-for.infd.edu.ar\/sitio\/wp-content\/uploads\/2026\/04\/Imagen3-1-2048x1124.jpg 2048w\" sizes=\"(max-width: 1020px) 100vw, 1020px\" \/><\/figure>\n\n\n\n<p><strong>DIRECTOR DE EDUCACI\u00d3N SUPERIOR<\/strong><\/p>\n\n\n\n<p><strong>Prof. Elvio Rub\u00e9n L\u00f3pez&nbsp;<\/strong><\/p>\n\n\n\n<p>Esta Direcci\u00f3n propone la implementaci\u00f3n de acciones de actualizaci\u00f3n, capacitaci\u00f3n y perfeccionamiento docente para aquellos agentes que ingresan progresivamente al Sistema Educativo.&nbsp;<\/p>\n\n\n\n<ul>\n<li>Acompa\u00f1amiento y asesoramiento en las unidades educativas de los distintos niveles y modalidades del sistema educativo provincial en la elaboraci\u00f3n y\/o resignificaci\u00f3n del Proyecto Educativo Institucional \u2013 Proyecto Curricular Institucional.&nbsp;<\/li>\n\n\n\n<li>Capacitaci\u00f3n a los docentes de los Institutos Superiores de Formaci\u00f3n Docente y T\u00e9cnica en investigaci\u00f3n educativa a fin de resignificar esta funci\u00f3n.&nbsp;<\/li>\n\n\n\n<li>Asesoramiento a los Institutos Superiores de Formaci\u00f3n Docente y T\u00e9cnica en lo concerniente a la acreditaci\u00f3n plena en el Instituto Nacional de Formaci\u00f3n Docente.&nbsp;<\/li>\n\n\n\n<li>Consolidaci\u00f3n de equipos de trabajo entre Direcciones y Departamentos del Ministerio de Cultura y Educaci\u00f3n.&nbsp;<\/li>\n\n\n\n<li>Gesti\u00f3n de la normativa sobre validaci\u00f3n nacional de los T\u00edtulos de los Planes de Estudio de Formaci\u00f3n Docente y T\u00e9cnica, en las ofertas educativas de Formaci\u00f3n Docente Inicial y Tecnicaturas desarrolladas en Institutos Superiores de Formaci\u00f3n Docente y T\u00e9cnica.&nbsp;<\/li>\n\n\n\n<li>Dise\u00f1o e implementaci\u00f3n de dispositivos de evaluaci\u00f3n de las acciones de capacitaci\u00f3n e investigaci\u00f3n provenientes de los Institutos Superiores de Formaci\u00f3n Docente y T\u00e9cnica.&nbsp;<\/li>\n\n\n\n<li>Resignificaci\u00f3n de las ofertas de capacitaci\u00f3n e investigaci\u00f3n de los Institutos Superiores de Formaci\u00f3n Docente y T\u00e9cnica en el marco de la transformaci\u00f3n educativa.&nbsp;<\/li>\n\n\n\n<li>Articulaci\u00f3n con equipos de trabajo con otras Direcciones y Departamentos, a fin de asesorar al personal de conducci\u00f3n de los Institutos Superiores de Formaci\u00f3n Docente y T\u00e9cnica.&nbsp;<\/li>\n\n\n\n<li>Socializaci\u00f3n de las producciones acad\u00e9micas realizadas en los Departamentos de Investigaci\u00f3n de los Institutos.<\/li>\n\n\n\n<li>Conformaci\u00f3n de centros de investigaciones zonales, sobre la base del trabajo en redes, a fin de fortalecer la funci\u00f3n de promoci\u00f3n, desarrollo e investigaci\u00f3n.<\/li>\n\n\n\n<li>Actualizaci\u00f3n permanente de la Planta Org\u00e1nica Funcional (POF) y la Planta Org\u00e1nica Nominal (PON) acorde al movimiento administrativo, a las l\u00edneas de la pol\u00edtica educativa y a las necesidades de la Direcci\u00f3n de Educaci\u00f3n Superior con el prop\u00f3sito de optimizar el uso de los recursos.&nbsp;<\/li>\n\n\n\n<li>Asesoramiento administrativo relacionado con el dise\u00f1o de proyectos e implementaci\u00f3n de las nuevas ofertas a implementarse en los diferentes Institutos Superiores de Formaci\u00f3n Docente y T\u00e9cnica.&nbsp;<\/li>\n\n\n\n<li>Dise\u00f1o de instructivos para la elaboraci\u00f3n de proyectos de capacitaci\u00f3n e investigaci\u00f3n de los Institutos Superiores de Formaci\u00f3n Docente y T\u00e9cnica, para la eficientizaci\u00f3n de los recursos humanos y financieros.&nbsp;<\/li>\n\n\n\n<li>Aprobaci\u00f3n, implementaci\u00f3n y evaluaci\u00f3n de dise\u00f1os de Post\u00edtulo en respuesta a las prioridades pedag\u00f3gicas del Sistema Educativo en articulaci\u00f3n con la Universidad.&nbsp;<\/li>\n\n\n\n<li>Dise\u00f1o, aprobaci\u00f3n y aplicaci\u00f3n de nuevas propuestas de Formaci\u00f3n T\u00e9cnica emergentes de problem\u00e1ticas vinculadas con el sector socio productivo y tur\u00edstico, en coordinaci\u00f3n con otras organizaciones (Universidades, OLP, entre otras) potenciando el trabajo en redes.&nbsp;<\/li>\n\n\n\n<li>Elaboraci\u00f3n de la normativa a nivel jurisdiccional reguladora de las propuestas de Formaci\u00f3n T\u00e9cnica.&nbsp;<\/li>\n\n\n\n<li>Capacitaci\u00f3n al personal de conducci\u00f3n y docente de la Formaci\u00f3n T\u00e9cnica con el objeto de garantizar la calidad de la oferta educativa.&nbsp;<\/li>\n\n\n\n<li>Eficientizaci\u00f3n de los recursos de financiamiento con el fin de conformar centros regionales de difusi\u00f3n de informaci\u00f3n.&nbsp;<\/li>\n\n\n\n<li>Organizaci\u00f3n del Departamento de Investigaci\u00f3n y Extensi\u00f3n para analizar problem\u00e1ticas emergentes del sector socio productivo.&nbsp;<\/li>\n\n\n\n<li>Articulaci\u00f3n de acciones con organismos del Sector Productivo.&nbsp;<\/li>\n\n\n\n<li>Articulaci\u00f3n progresiva con la Universidad.&nbsp;<\/li>\n\n\n\n<li>Reconversi\u00f3n del personal docente hacia la formaci\u00f3n t\u00e9cnica-profesional.&nbsp;<\/li>\n\n\n\n<li>Elaboraci\u00f3n de un banco de datos con informaciones sobre las ofertas y demandas del sector productivo, en redes con otros ministerios a fin de conformar centros regionales de difusi\u00f3n de informaci\u00f3n.&nbsp;<\/li>\n\n\n\n<li>Dise\u00f1o del mapa de ofertas de carreras de Tecnicaturas.<\/li>\n\n\n\n<li>Dise\u00f1o e implementaci\u00f3n de acciones de extensi\u00f3n socio comunitaria emergentes de las demandas del sector productivo.&nbsp;<\/li>\n\n\n\n<li>Consolidaci\u00f3n de redes entre los Institutos de Formaci\u00f3n Docente y T\u00e9cnica para optimizar la calidad y continuidad de la educaci\u00f3n t\u00e9cnica-profesional.&nbsp;<\/li>\n\n\n\n<li>Articulaci\u00f3n progresiva con el INET.&nbsp;<\/li>\n\n\n\n<li>Colaboraci\u00f3n permanente para brindar informaci\u00f3n para la actualizaci\u00f3n de la p\u00e1gina web del MCyE a los efectos de una mayor difusi\u00f3n de las acciones y actividades que realiza este Ministerio.&nbsp;<a href=\"http:\/\/www.formosa.gov.ar\/educacion.html\">http:\/\/www.formosa.gov.ar\/educacion.html<\/a><\/li>\n\n\n\n<li>Implementaci\u00f3n de acciones de actualizaci\u00f3n, capacitaci\u00f3n y perfeccionamiento docente centradas en problem\u00e1ticas rurales y las referidas a la diversidad.<\/li>\n<\/ul>\n","protected":false},"excerpt":{"rendered":"<p>DIRECTOR DE EDUCACI\u00d3N SUPERIOR Prof. Elvio Rub\u00e9n L\u00f3pez&nbsp; Esta Direcci\u00f3n propone la implementaci\u00f3n de acciones de actualizaci\u00f3n, capacitaci\u00f3n y perfeccionamiento docente para aquellos agentes que ingresan progresivamente al Sistema Educativo.&nbsp;<\/p>\n","protected":false},"author":298,"featured_media":0,"parent":0,"menu_order":0,"comment_status":"closed","ping_status":"closed","template":"","meta":[],"acf":[],"_links":{"self":[{"href":"https:\/\/des-for.infd.edu.ar\/sitio\/wp-json\/wp\/v2\/pages\/4227"}],"collection":[{"href":"https:\/\/des-for.infd.edu.ar\/sitio\/wp-json\/wp\/v2\/pages"}],"about":[{"href":"https:\/\/des-for.infd.edu.ar\/sitio\/wp-json\/wp\/v2\/types\/page"}],"author":[{"embeddable":true,"href":"https:\/\/des-for.infd.edu.ar\/sitio\/wp-json\/wp\/v2\/users\/298"}],"replies":[{"embeddable":true,"href":"https:\/\/des-for.infd.edu.ar\/sitio\/wp-json\/wp\/v2\/comments?post=4227"}],"version-history":[{"count":2,"href":"https:\/\/des-for.infd.edu.ar\/sitio\/wp-json\/wp\/v2\/pages\/4227\/revisions"}],"predecessor-version":[{"id":4249,"href":"https:\/\/des-for.infd.edu.ar\/sitio\/wp-json\/wp\/v2\/pages\/4227\/revisions\/4249"}],"wp:attachment":[{"href":"https:\/\/des-for.infd.edu.ar\/sitio\/wp-json\/wp\/v2\/media?parent=4227"}],"curies":[{"name":"wp","href":"https:\/\/api.w.org\/{rel}","templated":true}]}}