{"id":1454,"date":"2018-08-30T14:51:18","date_gmt":"2018-08-30T17:51:18","guid":{"rendered":"https:\/\/des-for.infd.edu.ar\/sitio\/autoridades\/"},"modified":"2023-03-23T09:08:03","modified_gmt":"2023-03-23T12:08:03","slug":"autoridades","status":"publish","type":"page","link":"https:\/\/des-for.infd.edu.ar\/sitio\/autoridades\/","title":{"rendered":"Autoridades"},"content":{"rendered":"<h4 style=\"text-align: center;\"><span style=\"font-size: 10pt;\"><span style=\"color: #333399;\"><span style=\"font-size: 12pt;\"><span style=\"color: #000000;\"><span style=\"font-family: verdana,geneva;\"><span style=\"font-size: 10pt;\"><strong><span style=\"color: #000080;\">MIN<\/span><\/strong><\/span><span style=\"font-size: 10pt;\"><strong><span style=\"color: #000080;\"><span style=\"font-size: 10pt;\">IS<\/span>TERIO DE CULTURA Y EDUCACI\u00d3N<\/span><\/strong><\/span><\/span><\/span><\/span><\/span><\/span><\/h4>\n<p style=\"text-align: center;\"><span style=\"font-size: 10pt;\"><span style=\"color: #333399;\"><span style=\"font-size: 12pt;\"><span style=\"color: #000000;\"><span style=\"font-family: verdana,geneva;\"><span style=\"font-size: 10pt;\"><em><strong>Ing. Luis Basterra<\/strong><\/em><\/span><\/span><\/span><\/span><\/span><\/span><\/p>\n<p style=\"text-align: center;\"><span style=\"font-size: 10pt;\"><span style=\"color: #333399;\"><span style=\"font-size: 12pt;\"><span style=\"color: #000000;\"><span style=\"font-family: verdana,geneva;\"><span style=\"font-size: 10pt;\"><em>Ministro de Cultura y Educaci\u00f3n<\/em><\/span><\/span><\/span><\/span><\/span><\/span><span style=\"font-size: 10pt;\"><span style=\"color: #333399;\"><span style=\"font-size: 12pt;\"><span style=\"color: #000000;\"><span style=\"font-family: verdana,geneva;\"><span style=\"font-size: 10pt;\">\u00a0<\/span><\/span><\/span><\/span><\/span><\/span><\/p>\n<p style=\"text-align: center;\"><span style=\"font-size: 10pt;\"><span style=\"color: #333399;\"><span style=\"font-size: 12pt;\"><span style=\"color: #000000;\"><span style=\"font-family: verdana,geneva;\"><span style=\"font-size: 10pt;\"><em><strong>PROF. ANAL\u00cdA HEINZENREDER<\/strong><\/em><\/span><\/span><\/span><\/span><\/span><\/span><\/p>\n<p style=\"text-align: center;\"><em><span style=\"font-size: 10pt;\"><span style=\"color: #333399;\"><span style=\"font-size: 12pt;\"><span style=\"color: #000000;\"><span style=\"font-family: verdana,geneva;\"><span style=\"font-size: 10pt;\">Subsecretaria de\u00a0Educaci\u00f3n<\/span><\/span><\/span><\/span><\/span><\/span>\u00a0<\/em><\/p>\n<h4 style=\"text-align: center;\"><span style=\"font-size: 10pt;\"><span style=\"color: #333399;\"><span style=\"font-size: 12pt;\"><span style=\"color: #000000;\"><span style=\"font-family: verdana,geneva;\"><span style=\"font-size: 10pt;\"><strong><span style=\"color: #000080;\">DIRECCI\u00d3N DE EDUCACI\u00d3N SUPERIOR<\/span><\/strong><\/span><\/span><\/span><\/span><\/span><\/span><\/h4>\n<p style=\"text-align: center;\"><span style=\"font-size: 10pt;\"><span style=\"color: #333399;\"><span style=\"font-size: 12pt;\"><span style=\"color: #000000;\"><span style=\"font-family: verdana,geneva;\"><span style=\"font-size: 10pt;\"><em><strong>P<span style=\"color: #ff6600;\"><span style=\"color: #000000;\">RO<\/span><span style=\"color: #000000;\"><span style=\"color: #000000;\">F<\/span>. ELVIO RUB\u00c9N L\u00d3PEZ\u00a0<\/span><\/span><\/strong><\/em><\/span><\/span><\/span><\/span><\/span><\/span><\/p>\n<p style=\"text-align: center;\"><span style=\"font-size: 10pt;\"><span style=\"color: #333399;\"><span style=\"font-size: 12pt;\"><span style=\"color: #000000;\"><span style=\"font-family: verdana,geneva;\"><span style=\"font-size: 10pt;\"><em><span style=\"color: #000000;\">Director<\/span><\/em><\/span><\/span><\/span><\/span><\/span><\/span><\/p>\n<h4 style=\"text-align: center;\"><span style=\"font-size: 10pt;\"><span style=\"color: #000000;\">\u00a0 <\/span><a href=\"mailto:direducacionsuperior@formosa.gov.ar\"><span style=\"color: #000000;\">direducacionsuperior@formosa.gov.ar<\/span><\/a><\/span><span style=\"color: #000000;\">\u00a0<\/span><\/h4>\n<p><span style=\"color: #000000;\"><span style=\"font-size: 10pt;\"><span style=\"color: #000000;\">\u00a0<\/span><\/span><\/span><\/p>\n<p><span style=\"color: #000000;\">\u00a0<\/span><\/p>\n<p><span style=\"font-size: 10pt;\"><span style=\"font-family: courier new,courier;\"><span style=\"font-size: 8pt;\"><span style=\"color: #888888;\">webmaster\/TIC: Roxana Crosa Palavecino<\/span><\/span><\/span><\/span><\/p>\n","protected":false},"excerpt":{"rendered":"<p>MINISTERIO DE CULTURA Y EDUCACI\u00d3N Ing. Luis Basterra Ministro de Cultura y Educaci\u00f3n\u00a0 PROF. ANAL\u00cdA HEINZENREDER Subsecretaria de\u00a0Educaci\u00f3n\u00a0 DIRECCI\u00d3N DE EDUCACI\u00d3N SUPERIOR PROF. ELVIO RUB\u00c9N L\u00d3PEZ\u00a0 Director \u00a0 direducacionsuperior@formosa.gov.ar\u00a0 \u00a0 \u00a0 webmaster\/TIC: Roxana Crosa Palavecino<\/p>\n","protected":false},"author":888,"featured_media":0,"parent":0,"menu_order":0,"comment_status":"closed","ping_status":"closed","template":"","meta":[],"acf":[],"_links":{"self":[{"href":"https:\/\/des-for.infd.edu.ar\/sitio\/wp-json\/wp\/v2\/pages\/1454"}],"collection":[{"href":"https:\/\/des-for.infd.edu.ar\/sitio\/wp-json\/wp\/v2\/pages"}],"about":[{"href":"https:\/\/des-for.infd.edu.ar\/sitio\/wp-json\/wp\/v2\/types\/page"}],"author":[{"embeddable":true,"href":"https:\/\/des-for.infd.edu.ar\/sitio\/wp-json\/wp\/v2\/users\/888"}],"replies":[{"embeddable":true,"href":"https:\/\/des-for.infd.edu.ar\/sitio\/wp-json\/wp\/v2\/comments?post=1454"}],"version-history":[{"count":5,"href":"https:\/\/des-for.infd.edu.ar\/sitio\/wp-json\/wp\/v2\/pages\/1454\/revisions"}],"predecessor-version":[{"id":3780,"href":"https:\/\/des-for.infd.edu.ar\/sitio\/wp-json\/wp\/v2\/pages\/1454\/revisions\/3780"}],"wp:attachment":[{"href":"https:\/\/des-for.infd.edu.ar\/sitio\/wp-json\/wp\/v2\/media?parent=1454"}],"curies":[{"name":"wp","href":"https:\/\/api.w.org\/{rel}","templated":true}]}}